{"id":50,"date":"2025-03-08T09:08:53","date_gmt":"2025-03-08T08:08:53","guid":{"rendered":"https:\/\/jacques-delarche.fr\/?page_id=50"},"modified":"2026-02-19T15:40:55","modified_gmt":"2026-02-19T14:40:55","slug":"accueil","status":"publish","type":"page","link":"https:\/\/jacques-delarche.fr\/","title":{"rendered":"Accueil"},"content":{"rendered":"<p>[et_pb_section fb_built=\u00a0\u00bb1&Prime; admin_label=\u00a0\u00bbHero Section\u00a0\u00bb _builder_version=\u00a0\u00bb4.20.2&Prime; background_enable_color=\u00a0\u00bboff\u00a0\u00bb background_image=\u00a0\u00bbhttps:\/\/jacques-delarche.fr\/wp-content\/uploads\/2023\/03\/background-header.jpg\u00a0\u00bb custom_padding=\u00a0\u00bb11px|0px|0px|0px||\u00a0\u00bb animation_style=\u00a0\u00bbslide\u00a0\u00bb animation_direction=\u00a0\u00bbtop\u00a0\u00bb animation_intensity_slide=\u00a0\u00bb2%\u00a0\u00bb animation_starting_opacity=\u00a0\u00bb100%\u00a0\u00bb box_shadow_style=\u00a0\u00bbpreset7&Prime; box_shadow_horizontal=\u00a0\u00bb0px\u00a0\u00bb box_shadow_vertical=\u00a0\u00bb-200px\u00a0\u00bb box_shadow_color=\u00a0\u00bb#ffffff\u00a0\u00bb locked=\u00a0\u00bboff\u00a0\u00bb global_colors_info=\u00a0\u00bb{}\u00a0\u00bb][et_pb_row column_structure=\u00a0\u00bb1_3,1_3,1_3&Prime; _builder_version=\u00a0\u00bb4.16&Prime; max_width=\u00a0\u00bb1440px\u00a0\u00bb custom_margin=\u00a0\u00bb-14px|auto||auto||\u00a0\u00bb custom_padding=\u00a0\u00bb4px||12px|||\u00a0\u00bb use_custom_width=\u00a0\u00bbon\u00a0\u00bb custom_width_px=\u00a0\u00bb1440px\u00a0\u00bb global_colors_info=\u00a0\u00bb{}\u00a0\u00bb][et_pb_column type=\u00a0\u00bb1_3&Prime; _builder_version=\u00a0\u00bb4.16&Prime; custom_padding=\u00a0\u00bb|||\u00a0\u00bb global_colors_info=\u00a0\u00bb{}\u00a0\u00bb custom_padding__hover=\u00a0\u00bb|||\u00a0\u00bb][\/et_pb_column][et_pb_column type=\u00a0\u00bb1_3&Prime; _builder_version=\u00a0\u00bb4.21.0&Prime; _module_preset=\u00a0\u00bbdefault\u00a0\u00bb global_colors_info=\u00a0\u00bb{}\u00a0\u00bb][et_pb_image src=\u00a0\u00bbhttps:\/\/jacques-delarche.fr\/wp-content\/uploads\/2023\/03\/home-sculpture.png\u00a0\u00bb title_text=\u00a0\u00bbhome-sculpture\u00a0\u00bb show_bottom_space=\u00a0\u00bboff\u00a0\u00bb disabled_on=\u00a0\u00bbon|on|off\u00a0\u00bb _builder_version=\u00a0\u00bb4.21.0&Prime; width=\u00a0\u00bb68%\u00a0\u00bb max_width=\u00a0\u00bb100%\u00a0\u00bb module_alignment=\u00a0\u00bbcenter\u00a0\u00bb custom_margin=\u00a0\u00bb||-6px|||\u00a0\u00bb animation_style=\u00a0\u00bbslide\u00a0\u00bb animation_direction=\u00a0\u00bbright\u00a0\u00bb animation_intensity_slide=\u00a0\u00bb6%\u00a0\u00bb hover_enabled=\u00a0\u00bb0&Prime; always_center_on_mobile=\u00a0\u00bboff\u00a0\u00bb global_colors_info=\u00a0\u00bb{}\u00a0\u00bb sticky_enabled=\u00a0\u00bb0&Prime;][\/et_pb_image][\/et_pb_column][et_pb_column type=\u00a0\u00bb1_3&Prime; _builder_version=\u00a0\u00bb4.16&Prime; custom_padding=\u00a0\u00bb40px|||\u00a0\u00bb global_colors_info=\u00a0\u00bb{}\u00a0\u00bb custom_padding__hover=\u00a0\u00bb|||\u00a0\u00bb][et_pb_text _builder_version=\u00a0\u00bb4.21.0&Prime; text_font=\u00a0\u00bb||||||||\u00a0\u00bb header_font=\u00a0\u00bbPlayfair Display|700|||||||\u00a0\u00bb header_text_color=\u00a0\u00bb#ffffff\u00a0\u00bb header_font_size=\u00a0\u00bb60px\u00a0\u00bb header_line_height=\u00a0\u00bb1.5em\u00a0\u00bb header_2_font=\u00a0\u00bb||||||||\u00a0\u00bb header_3_font=\u00a0\u00bb||||||||\u00a0\u00bb header_4_font=\u00a0\u00bb||||||||\u00a0\u00bb header_5_font=\u00a0\u00bb||||||||\u00a0\u00bb header_6_font=\u00a0\u00bb||||||||\u00a0\u00bb background_size=\u00a0\u00bbinitial\u00a0\u00bb background_position=\u00a0\u00bbtop_left\u00a0\u00bb background_repeat=\u00a0\u00bbrepeat\u00a0\u00bb text_orientation=\u00a0\u00bbcenter\u00a0\u00bb module_alignment=\u00a0\u00bbcenter\u00a0\u00bb custom_margin=\u00a0\u00bb1px||-1px|||\u00a0\u00bb locked=\u00a0\u00bboff\u00a0\u00bb global_colors_info=\u00a0\u00bb{}\u00a0\u00bb]<\/p>\n<h1>Accueil<\/h1>\n<p>[\/et_pb_text][et_pb_divider color=\u00a0\u00bb#FFFFFF\u00a0\u00bb _builder_version=\u00a0\u00bb4.21.0&Prime; _module_preset=\u00a0\u00bbdefault\u00a0\u00bb custom_margin=\u00a0\u00bb||16px|||\u00a0\u00bb global_colors_info=\u00a0\u00bb{}\u00a0\u00bb][\/et_pb_divider][et_pb_cta title=\u00a0\u00bb\u00a0 \u00a0 Prochaine exposition\u00a0 \u00a0 \u00a0 \u00a0 \u00a0 \u00a0 \u00a0 \u00a0 \u00a0 \u00a0 EXPOSITION 7 artistes\u00a0 \u00a0 \u00a0 \u00a0 \u00a0 \u00a0 \u00a0 \u00a0 \u00a0 \u00a0 \u00a0 \u00a0 \u00a0 10\/11\/12 Avril CARCOM\u00a0 \u00a0 \u00a0Place du 11 Novembre\u00a0 \u00a0 \u00a0 \u00a0 \u00a0Lons le Saulnier 39000&Prime; button_text=\u00a0\u00bbClics\u00a0\u00bb _builder_version=\u00a0\u00bb4.21.0&Prime; _module_preset=\u00a0\u00bbdefault\u00a0\u00bb header_text_color=\u00a0\u00bb#000000&Prime; background_color=\u00a0\u00bb#FFFFFF\u00a0\u00bb button_alignment=\u00a0\u00bbcenter\u00a0\u00bb hover_enabled=\u00a0\u00bb0&Prime; border_radii=\u00a0\u00bbon|9px|9px|9px|9px\u00a0\u00bb global_colors_info=\u00a0\u00bb{}\u00a0\u00bb sticky_enabled=\u00a0\u00bb0&Prime;]<\/p>\n<p>Exposition 7 Artistes 10\/11\/12 Avril<br \/>CARCOM Place du 11 Novembre<br \/>39000 Lons le Saulnier<\/p>\n<p>[\/et_pb_cta][et_pb_text _builder_version=\u00a0\u00bb4.21.0&Prime; _module_preset=\u00a0\u00bbdefault\u00a0\u00bb global_colors_info=\u00a0\u00bb{}\u00a0\u00bb]<\/p>\n<p style=\"text-align: center;\"><span style=\"color: #000000;\"><strong style=\"font-size: 18px;\">Exposition permanente ( sur r\u00e9servation d&rsquo;une table ) H\u00f4tel Restaurant La Marande Montbellet<\/strong><\/span><\/p>\n<p>[\/et_pb_text][et_pb_image src=\u00a0\u00bbhttps:\/\/jacques-delarche.fr\/wp-content\/uploads\/2023\/08\/Hotel-restaurant-La-Marande-Montbellet-min.png\u00a0\u00bb title_text=\u00a0\u00bbH\u00f4tel restaurant La Marande Montbellet-min\u00a0\u00bb align=\u00a0\u00bbcenter\u00a0\u00bb _builder_version=\u00a0\u00bb4.21.0&Prime; _module_preset=\u00a0\u00bbdefault\u00a0\u00bb width=\u00a0\u00bb75%\u00a0\u00bb max_width=\u00a0\u00bb75%\u00a0\u00bb border_radii=\u00a0\u00bbon|22px|22px|22px|22px\u00a0\u00bb global_colors_info=\u00a0\u00bb{}\u00a0\u00bb][\/et_pb_image][\/et_pb_column][\/et_pb_row][et_pb_row column_structure=\u00a0\u00bb1_2,1_2&Prime; _builder_version=\u00a0\u00bb4.20.2&Prime; _module_preset=\u00a0\u00bbdefault\u00a0\u00bb use_background_color_gradient=\u00a0\u00bbon\u00a0\u00bb background_color_gradient_direction=\u00a0\u00bb283deg\u00a0\u00bb background_color_gradient_stops=\u00a0\u00bb#eaeaea 0%|#f2f2f2 97%\u00a0\u00bb custom_margin=\u00a0\u00bb-459px|auto||auto||\u00a0\u00bb custom_padding=\u00a0\u00bb24px|||||\u00a0\u00bb border_radii=\u00a0\u00bbon|10px|10px|10px|10px\u00a0\u00bb global_colors_info=\u00a0\u00bb{}\u00a0\u00bb][et_pb_column type=\u00a0\u00bb1_2&Prime; _builder_version=\u00a0\u00bb4.20.2&Prime; _module_preset=\u00a0\u00bbdefault\u00a0\u00bb background_color=\u00a0\u00bbRGBA(255,255,255,0)\u00a0\u00bb border_radii=\u00a0\u00bbon|9px|9px|9px|9px\u00a0\u00bb global_colors_info=\u00a0\u00bb{}\u00a0\u00bb][et_pb_text _builder_version=\u00a0\u00bb4.20.2&Prime; _module_preset=\u00a0\u00bbdefault\u00a0\u00bb text_font_size=\u00a0\u00bb38px\u00a0\u00bb text_letter_spacing=\u00a0\u00bb2px\u00a0\u00bb background_color=\u00a0\u00bbRGBA(255,255,255,0)\u00a0\u00bb text_orientation=\u00a0\u00bbcenter\u00a0\u00bb custom_margin=\u00a0\u00bb16px|||40px|false|false\u00a0\u00bb custom_padding=\u00a0\u00bb3px||||false|false\u00a0\u00bb global_colors_info=\u00a0\u00bb{}\u00a0\u00bb]<\/p>\n<h3 style=\"text-align: justify;\"><span><\/span><\/h3>\n<h3 style=\"text-align: justify;\"><span><\/span><\/h3>\n<h3 style=\"text-align: justify;\"><span>J&rsquo;\u00e9prouve ce besoin de redonner vie \u00e0 un objet perdu et surtout celui indispensable \u00e0 mon existence : R\u00eaver<\/span><\/h3>\n<h3 style=\"text-align: justify;\"><span><\/span><\/h3>\n<h3 style=\"text-align: justify;\"><span>Ma qu\u00eate du mouvement m&rsquo;entra\u00eene vers un art plus \u00e9pur\u00e9, plus abstrait o\u00f9 l&rsquo;humain prend toute sa place.<\/span><\/h3>\n<p>[\/et_pb_text][\/et_pb_column][et_pb_column type=\u00a0\u00bb1_2&Prime; _builder_version=\u00a0\u00bb4.20.2&Prime; _module_preset=\u00a0\u00bbdefault\u00a0\u00bb global_colors_info=\u00a0\u00bb{}\u00a0\u00bb][et_pb_image src=\u00a0\u00bbhttps:\/\/jacques-delarche.fr\/wp-content\/uploads\/2023\/03\/bg-mot-artiste.jpg\u00a0\u00bb title_text=\u00a0\u00bbbg-mot-artiste\u00a0\u00bb align=\u00a0\u00bbright\u00a0\u00bb _builder_version=\u00a0\u00bb4.20.2&Prime; _module_preset=\u00a0\u00bbdefault\u00a0\u00bb global_colors_info=\u00a0\u00bb{}\u00a0\u00bb][\/et_pb_image][\/et_pb_column][\/et_pb_row][et_pb_row column_structure=\u00a0\u00bb1_4,1_2,1_4&Prime; _builder_version=\u00a0\u00bb4.20.2&Prime; _module_preset=\u00a0\u00bbdefault\u00a0\u00bb global_colors_info=\u00a0\u00bb{}\u00a0\u00bb][et_pb_column type=\u00a0\u00bb1_4&Prime; _builder_version=\u00a0\u00bb4.20.2&Prime; _module_preset=\u00a0\u00bbdefault\u00a0\u00bb global_colors_info=\u00a0\u00bb{}\u00a0\u00bb][\/et_pb_column][et_pb_column type=\u00a0\u00bb1_2&Prime; _builder_version=\u00a0\u00bb4.20.2&Prime; _module_preset=\u00a0\u00bbdefault\u00a0\u00bb global_colors_info=\u00a0\u00bb{}\u00a0\u00bb][et_pb_video src=\u00a0\u00bbhttps:\/\/www.youtube.com\/watch?v=Oa8m15hlplo&#038;t=42s&#038;ab_channel=MaximeDelarche\u00a0\u00bb _builder_version=\u00a0\u00bb4.20.2&Prime; _module_preset=\u00a0\u00bbdefault\u00a0\u00bb global_colors_info=\u00a0\u00bb{}\u00a0\u00bb][\/et_pb_video][\/et_pb_column][et_pb_column type=\u00a0\u00bb1_4&Prime; _builder_version=\u00a0\u00bb4.20.2&Prime; _module_preset=\u00a0\u00bbdefault\u00a0\u00bb global_colors_info=\u00a0\u00bb{}\u00a0\u00bb][\/et_pb_column][\/et_pb_row][\/et_pb_section][et_pb_section fb_built=\u00a0\u00bb1&Prime; _builder_version=\u00a0\u00bb4.20.2&Prime; _module_preset=\u00a0\u00bbdefault\u00a0\u00bb min_height=\u00a0\u00bb602.9px\u00a0\u00bb custom_padding=\u00a0\u00bb1px||1px|||\u00a0\u00bb global_colors_info=\u00a0\u00bb{}\u00a0\u00bb][et_pb_row column_structure=\u00a0\u00bb1_3,1_3,1_3&Prime; use_custom_gutter=\u00a0\u00bbon\u00a0\u00bb gutter_width=\u00a0\u00bb2&Prime; _builder_version=\u00a0\u00bb4.16&Prime; max_width=\u00a0\u00bb1440px\u00a0\u00bb custom_padding=\u00a0\u00bb28px|0px|27px|0px||\u00a0\u00bb use_custom_width=\u00a0\u00bbon\u00a0\u00bb custom_width_px=\u00a0\u00bb1440px\u00a0\u00bb global_colors_info=\u00a0\u00bb{}\u00a0\u00bb][et_pb_column type=\u00a0\u00bb1_3&Prime; _builder_version=\u00a0\u00bb4.16&Prime; custom_padding=\u00a0\u00bb|||\u00a0\u00bb global_colors_info=\u00a0\u00bb{}\u00a0\u00bb custom_padding__hover=\u00a0\u00bb|||\u00a0\u00bb][et_pb_text _builder_version=\u00a0\u00bb4.16&Prime; text_font=\u00a0\u00bbPoppins||||||||\u00a0\u00bb text_text_color=\u00a0\u00bbrgba(0,0,0,0.4)\u00a0\u00bb text_font_size=\u00a0\u00bb16px\u00a0\u00bb text_line_height=\u00a0\u00bb1.9em\u00a0\u00bb header_font=\u00a0\u00bb||||||||\u00a0\u00bb header_2_font=\u00a0\u00bb||||||||\u00a0\u00bb header_3_font=\u00a0\u00bbPlayfair Display|700||on|||||\u00a0\u00bb header_3_text_color=\u00a0\u00bb#ff9f3f\u00a0\u00bb header_3_letter_spacing=\u00a0\u00bb3px\u00a0\u00bb header_3_line_height=\u00a0\u00bb1.5em\u00a0\u00bb header_4_font=\u00a0\u00bb||||||||\u00a0\u00bb background_color=\u00a0\u00bb#ffffff\u00a0\u00bb text_orientation=\u00a0\u00bbcenter\u00a0\u00bb module_alignment=\u00a0\u00bbleft\u00a0\u00bb custom_margin=\u00a0\u00bb|||\u00a0\u00bb custom_padding=\u00a0\u00bb30px|30px|30px|30px\u00a0\u00bb animation_style=\u00a0\u00bbslide\u00a0\u00bb animation_direction=\u00a0\u00bbbottom\u00a0\u00bb animation_intensity_slide=\u00a0\u00bb10%\u00a0\u00bb animation_starting_opacity=\u00a0\u00bb100%\u00a0\u00bb box_shadow_style=\u00a0\u00bbpreset1&Prime; box_shadow_vertical=\u00a0\u00bb10px\u00a0\u00bb box_shadow_blur=\u00a0\u00bb100px\u00a0\u00bb box_shadow_color=\u00a0\u00bbrgba(0,0,0,0.2)\u00a0\u00bb global_colors_info=\u00a0\u00bb{}\u00a0\u00bb]<\/p>\n<h3>TELEPHONE<\/h3>\n<p>Le plus rapide pour me contacter\u00a0\u00a0<\/p>\n<p><span style=\"color: rgba(0, 0, 0, 0.6);\"><strong>03.85.96.65.09<\/strong><\/span><\/p>\n<p>[\/et_pb_text][\/et_pb_column][et_pb_column type=\u00a0\u00bb1_3&Prime; _builder_version=\u00a0\u00bb4.16&Prime; custom_padding=\u00a0\u00bb|||\u00a0\u00bb global_colors_info=\u00a0\u00bb{}\u00a0\u00bb custom_padding__hover=\u00a0\u00bb|||\u00a0\u00bb][et_pb_text _builder_version=\u00a0\u00bb4.16&Prime; text_font=\u00a0\u00bbPoppins||||||||\u00a0\u00bb text_text_color=\u00a0\u00bbrgba(0,0,0,0.4)\u00a0\u00bb text_font_size=\u00a0\u00bb16px\u00a0\u00bb text_line_height=\u00a0\u00bb1.9em\u00a0\u00bb header_font=\u00a0\u00bb||||||||\u00a0\u00bb header_2_font=\u00a0\u00bb||||||||\u00a0\u00bb header_3_font=\u00a0\u00bbPlayfair Display|700||on|||||\u00a0\u00bb header_3_text_color=\u00a0\u00bb#ff9f3f\u00a0\u00bb header_3_letter_spacing=\u00a0\u00bb3px\u00a0\u00bb header_3_line_height=\u00a0\u00bb1.5em\u00a0\u00bb header_4_font=\u00a0\u00bb||||||||\u00a0\u00bb background_color=\u00a0\u00bb#ffffff\u00a0\u00bb text_orientation=\u00a0\u00bbcenter\u00a0\u00bb module_alignment=\u00a0\u00bbleft\u00a0\u00bb custom_margin=\u00a0\u00bb|||\u00a0\u00bb custom_padding=\u00a0\u00bb30px|30px|30px|30px\u00a0\u00bb animation_style=\u00a0\u00bbslide\u00a0\u00bb animation_direction=\u00a0\u00bbbottom\u00a0\u00bb animation_intensity_slide=\u00a0\u00bb10%\u00a0\u00bb animation_starting_opacity=\u00a0\u00bb100%\u00a0\u00bb box_shadow_style=\u00a0\u00bbpreset1&Prime; box_shadow_vertical=\u00a0\u00bb10px\u00a0\u00bb box_shadow_blur=\u00a0\u00bb100px\u00a0\u00bb box_shadow_color=\u00a0\u00bbrgba(0,0,0,0.2)\u00a0\u00bb global_colors_info=\u00a0\u00bb{}\u00a0\u00bb]<\/p>\n<h3>VISITER l&rsquo;ATELIER<\/h3>\n<p><strong>29 rue du rosoy\u00a0<\/strong><\/p>\n<p><span style=\"color: rgba(0, 0, 0, 0.6);\"><strong>71 380 SAINT MARCEL<\/strong><\/span><\/p>\n<p>[\/et_pb_text][\/et_pb_column][et_pb_column type=\u00a0\u00bb1_3&Prime; _builder_version=\u00a0\u00bb4.16&Prime; custom_padding=\u00a0\u00bb|||\u00a0\u00bb global_colors_info=\u00a0\u00bb{}\u00a0\u00bb custom_padding__hover=\u00a0\u00bb|||\u00a0\u00bb][et_pb_text _builder_version=\u00a0\u00bb4.16&Prime; text_font=\u00a0\u00bbPoppins||||||||\u00a0\u00bb text_text_color=\u00a0\u00bbrgba(0,0,0,0.4)\u00a0\u00bb text_font_size=\u00a0\u00bb16px\u00a0\u00bb text_line_height=\u00a0\u00bb1.9em\u00a0\u00bb header_font=\u00a0\u00bb||||||||\u00a0\u00bb header_2_font=\u00a0\u00bb||||||||\u00a0\u00bb header_3_font=\u00a0\u00bbPlayfair Display|700||on|||||\u00a0\u00bb header_3_text_color=\u00a0\u00bb#ff9f3f\u00a0\u00bb header_3_letter_spacing=\u00a0\u00bb3px\u00a0\u00bb header_3_line_height=\u00a0\u00bb1.5em\u00a0\u00bb header_4_font=\u00a0\u00bb||||||||\u00a0\u00bb background_color=\u00a0\u00bb#ffffff\u00a0\u00bb text_orientation=\u00a0\u00bbcenter\u00a0\u00bb module_alignment=\u00a0\u00bbleft\u00a0\u00bb custom_margin=\u00a0\u00bb|||\u00a0\u00bb custom_padding=\u00a0\u00bb30px|30px|30px|30px\u00a0\u00bb animation_style=\u00a0\u00bbslide\u00a0\u00bb animation_direction=\u00a0\u00bbbottom\u00a0\u00bb animation_delay=\u00a0\u00bb200ms\u00a0\u00bb animation_intensity_slide=\u00a0\u00bb10%\u00a0\u00bb animation_starting_opacity=\u00a0\u00bb100%\u00a0\u00bb box_shadow_style=\u00a0\u00bbpreset1&Prime; box_shadow_vertical=\u00a0\u00bb10px\u00a0\u00bb box_shadow_blur=\u00a0\u00bb100px\u00a0\u00bb box_shadow_color=\u00a0\u00bbrgba(0,0,0,0.2)\u00a0\u00bb locked=\u00a0\u00bboff\u00a0\u00bb global_colors_info=\u00a0\u00bb{}\u00a0\u00bb]<\/p>\n<h3>MAIL<\/h3>\n<p>N&rsquo;h\u00e9sitez pas \u00e0 me contacter par mail<\/p>\n<p><span style=\"color: rgba(0, 0, 0, 0.6);\"><strong>delarche.j.sculpteur@gmail.com <\/strong><\/span><\/p>\n<p>[\/et_pb_text][\/et_pb_column][\/et_pb_row][et_pb_row column_structure=\u00a0\u00bb1_2,1_6,1_6,1_6&Prime; _builder_version=\u00a0\u00bb4.20.2&Prime; _module_preset=\u00a0\u00bbdefault\u00a0\u00bb custom_padding=\u00a0\u00bb||0px|||\u00a0\u00bb global_colors_info=\u00a0\u00bb{}\u00a0\u00bb][et_pb_column type=\u00a0\u00bb1_2&Prime; _builder_version=\u00a0\u00bb4.20.2&Prime; _module_preset=\u00a0\u00bbdefault\u00a0\u00bb global_colors_info=\u00a0\u00bb{}\u00a0\u00bb][et_pb_image src=\u00a0\u00bbhttps:\/\/jacques-delarche.fr\/wp-content\/uploads\/2023\/03\/sculpture-comments.jpg\u00a0\u00bb title_text=\u00a0\u00bbsculpture-comments\u00a0\u00bb _builder_version=\u00a0\u00bb4.20.2&Prime; _module_preset=\u00a0\u00bbdefault\u00a0\u00bb custom_margin=\u00a0\u00bb13px|||||\u00a0\u00bb global_colors_info=\u00a0\u00bb{}\u00a0\u00bb][\/et_pb_image][\/et_pb_column][et_pb_column type=\u00a0\u00bb1_6&Prime; _builder_version=\u00a0\u00bb4.20.2&Prime; _module_preset=\u00a0\u00bbdefault\u00a0\u00bb global_colors_info=\u00a0\u00bb{}\u00a0\u00bb][et_pb_image src=\u00a0\u00bbhttps:\/\/jacques-delarche.fr\/wp-content\/uploads\/2023\/03\/type-sculpture-humaine.png\u00a0\u00bb title_text=\u00a0\u00bbtype-sculpture-humaine\u00a0\u00bb _builder_version=\u00a0\u00bb4.20.2&Prime; _module_preset=\u00a0\u00bbdefault\u00a0\u00bb global_colors_info=\u00a0\u00bb{}\u00a0\u00bb][\/et_pb_image][et_pb_text _builder_version=\u00a0\u00bb4.20.2&Prime; _module_preset=\u00a0\u00bbdefault\u00a0\u00bb global_colors_info=\u00a0\u00bb{}\u00a0\u00bb]<\/p>\n<h2 style=\"text-align: center;\"><span style=\"color: #99cc00;\"><em>Po\u00e9sie<\/em><\/span><\/h2>\n<p>[\/et_pb_text][\/et_pb_column][et_pb_column type=\u00a0\u00bb1_6&Prime; _builder_version=\u00a0\u00bb4.20.2&Prime; _module_preset=\u00a0\u00bbdefault\u00a0\u00bb global_colors_info=\u00a0\u00bb{}\u00a0\u00bb][et_pb_image src=\u00a0\u00bbhttps:\/\/jacques-delarche.fr\/wp-content\/uploads\/2023\/03\/type-sculpture-abstraite.png\u00a0\u00bb title_text=\u00a0\u00bbtype-sculpture-abstraite\u00a0\u00bb _builder_version=\u00a0\u00bb4.20.2&Prime; _module_preset=\u00a0\u00bbdefault\u00a0\u00bb global_colors_info=\u00a0\u00bb{}\u00a0\u00bb][\/et_pb_image][et_pb_text _builder_version=\u00a0\u00bb4.20.2&Prime; _module_preset=\u00a0\u00bbdefault\u00a0\u00bb global_colors_info=\u00a0\u00bb{}\u00a0\u00bb]<\/p>\n<h2 style=\"text-align: center;\"><em>El\u00e9gance<\/em><\/h2>\n<p>[\/et_pb_text][\/et_pb_column][et_pb_column type=\u00a0\u00bb1_6&Prime; _builder_version=\u00a0\u00bb4.20.2&Prime; _module_preset=\u00a0\u00bbdefault\u00a0\u00bb global_colors_info=\u00a0\u00bb{}\u00a0\u00bb][et_pb_image src=\u00a0\u00bbhttps:\/\/jacques-delarche.fr\/wp-content\/uploads\/2023\/03\/type-sculpture-animale.png\u00a0\u00bb title_text=\u00a0\u00bbtype-sculpture-animale\u00a0\u00bb _builder_version=\u00a0\u00bb4.20.2&Prime; _module_preset=\u00a0\u00bbdefault\u00a0\u00bb global_colors_info=\u00a0\u00bb{}\u00a0\u00bb][\/et_pb_image][et_pb_text _builder_version=\u00a0\u00bb4.20.2&Prime; _module_preset=\u00a0\u00bbdefault\u00a0\u00bb global_colors_info=\u00a0\u00bb{}\u00a0\u00bb]<\/p>\n<h2 style=\"text-align: center;\"><span style=\"color: #ff9900;\"><em>L\u00e9g\u00e8ret\u00e9<\/em><\/span><\/h2>\n<p>[\/et_pb_text][\/et_pb_column][\/et_pb_row][\/et_pb_section]<\/p>\n","protected":false},"excerpt":{"rendered":"<p>AccueilExposition 7 Artistes 10\/11\/12 AvrilCARCOM Place du 11 Novembre39000 Lons le SaulnierExposition permanente ( sur r\u00e9servation d&rsquo;une table ) H\u00f4tel Restaurant La Marande Montbellet J&rsquo;\u00e9prouve ce besoin de redonner vie \u00e0 un objet perdu et surtout celui indispensable \u00e0 mon existence : R\u00eaver Ma qu\u00eate du mouvement m&rsquo;entra\u00eene vers un art plus \u00e9pur\u00e9, plus abstrait [&hellip;]<\/p>\n","protected":false},"author":1,"featured_media":0,"parent":0,"menu_order":0,"comment_status":"closed","ping_status":"closed","template":"","meta":{"_et_pb_use_builder":"on","_et_pb_old_content":"","_et_gb_content_width":"","footnotes":""},"class_list":["post-50","page","type-page","status-publish","hentry"],"_links":{"self":[{"href":"https:\/\/jacques-delarche.fr\/index.php\/wp-json\/wp\/v2\/pages\/50","targetHints":{"allow":["GET"]}}],"collection":[{"href":"https:\/\/jacques-delarche.fr\/index.php\/wp-json\/wp\/v2\/pages"}],"about":[{"href":"https:\/\/jacques-delarche.fr\/index.php\/wp-json\/wp\/v2\/types\/page"}],"author":[{"embeddable":true,"href":"https:\/\/jacques-delarche.fr\/index.php\/wp-json\/wp\/v2\/users\/1"}],"replies":[{"embeddable":true,"href":"https:\/\/jacques-delarche.fr\/index.php\/wp-json\/wp\/v2\/comments?post=50"}],"version-history":[{"count":40,"href":"https:\/\/jacques-delarche.fr\/index.php\/wp-json\/wp\/v2\/pages\/50\/revisions"}],"predecessor-version":[{"id":2172,"href":"https:\/\/jacques-delarche.fr\/index.php\/wp-json\/wp\/v2\/pages\/50\/revisions\/2172"}],"wp:attachment":[{"href":"https:\/\/jacques-delarche.fr\/index.php\/wp-json\/wp\/v2\/media?parent=50"}],"curies":[{"name":"wp","href":"https:\/\/api.w.org\/{rel}","templated":true}]}}